{"id":1723,"date":"2024-06-20T12:03:40","date_gmt":"2024-06-20T10:03:40","guid":{"rendered":"https:\/\/med.revitacareacademy.com\/traitement-des-levres-avec-un-produit-de-comblement-a-lacide-hyaluronique-2\/"},"modified":"2024-06-20T20:32:37","modified_gmt":"2024-06-20T18:32:37","slug":"traitement-des-levres-avec-un-produit-de-comblement-a-lacide-hyaluronique-2","status":"publish","type":"page","link":"https:\/\/med.revitacareacademy.com\/fr\/traitement-des-levres-avec-un-produit-de-comblement-a-lacide-hyaluronique-2\/","title":{"rendered":"Traitement des l\u00e8vres avec un produit de comblement \u00e0 l&rsquo;acide hyaluronique"},"content":{"rendered":"<p>[et_pb_section fb_built=\u00a0\u00bb1&Prime; _builder_version=\u00a0\u00bb4.16&Prime; _module_preset=\u00a0\u00bbdefault\u00a0\u00bb background_image=\u00a0\u00bbhttps:\/\/med.revitacareacademy.com\/wp-content\/uploads\/2022\/03\/revitacare-home-1024&#215;768.png\u00a0\u00bb custom_padding=\u00a0\u00bb25px||24px|||\u00a0\u00bb global_colors_info=\u00a0\u00bb{}\u00a0\u00bb][et_pb_row _builder_version=\u00a0\u00bb4.16&Prime; _module_preset=\u00a0\u00bbdefault\u00a0\u00bb global_colors_info=\u00a0\u00bb{}\u00a0\u00bb][et_pb_column type=\u00a0\u00bb4_4&Prime; _builder_version=\u00a0\u00bb4.16&Prime; _module_preset=\u00a0\u00bbdefault\u00a0\u00bb global_colors_info=\u00a0\u00bb{}\u00a0\u00bb][et_pb_text _builder_version=\u00a0\u00bb4.25.1&Prime; _module_preset=\u00a0\u00bbdefault\u00a0\u00bb text_font=\u00a0\u00bbcentury gothic|700|||||||\u00a0\u00bb text_text_color=\u00a0\u00bb#FFFFFF\u00a0\u00bb text_font_size=\u00a0\u00bb45px\u00a0\u00bb text_line_height=\u00a0\u00bb1.8em\u00a0\u00bb text_font_size_tablet=\u00a0\u00bb45px\u00a0\u00bb text_font_size_phone=\u00a0\u00bb30px\u00a0\u00bb text_font_size_last_edited=\u00a0\u00bbon|phone\u00a0\u00bb global_colors_info=\u00a0\u00bb{}\u00a0\u00bb]<\/p>\n<p style=\"text-align: center;\">Traitement des l\u00e8vres avec un produit de comblement \u00e0 l&rsquo;acide hyaluronique<\/p>\n<p>[\/et_pb_text][\/et_pb_column][\/et_pb_row][\/et_pb_section][et_pb_section fb_built=\u00a0\u00bb1&Prime; _builder_version=\u00a0\u00bb4.16&Prime; _module_preset=\u00a0\u00bbdefault\u00a0\u00bb background_color=\u00a0\u00bb#000000&Prime; global_colors_info=\u00a0\u00bb{}\u00a0\u00bb][et_pb_row column_structure=\u00a0\u00bb1_2,1_2&Prime; _builder_version=\u00a0\u00bb4.21.0&Prime; _module_preset=\u00a0\u00bbdefault\u00a0\u00bb global_colors_info=\u00a0\u00bb{}\u00a0\u00bb][et_pb_column type=\u00a0\u00bb1_2&Prime; _builder_version=\u00a0\u00bb4.21.0&Prime; _module_preset=\u00a0\u00bbdefault\u00a0\u00bb global_colors_info=\u00a0\u00bb{}\u00a0\u00bb][et_pb_video src=\u00a0\u00bbhttps:\/\/vimeo.com\/962011089?share=copy\u00a0\u00bb _builder_version=\u00a0\u00bb4.25.1&Prime; _module_preset=\u00a0\u00bbdefault\u00a0\u00bb hover_enabled=\u00a0\u00bb0&Prime; global_colors_info=\u00a0\u00bb{}\u00a0\u00bb sticky_enabled=\u00a0\u00bb0&Prime;][\/et_pb_video][\/et_pb_column][et_pb_column type=\u00a0\u00bb1_2&Prime; _builder_version=\u00a0\u00bb4.21.0&Prime; _module_preset=\u00a0\u00bbdefault\u00a0\u00bb global_colors_info=\u00a0\u00bb{}\u00a0\u00bb][et_pb_text _builder_version=\u00a0\u00bb4.25.1&Prime; _module_preset=\u00a0\u00bbdefault\u00a0\u00bb text_font=\u00a0\u00bbcentury gothic|700|||||||\u00a0\u00bb text_text_color=\u00a0\u00bb#FFFFFF\u00a0\u00bb text_font_size=\u00a0\u00bb29px\u00a0\u00bb text_line_height=\u00a0\u00bb1.8em\u00a0\u00bb global_colors_info=\u00a0\u00bb{}\u00a0\u00bb]<\/p>\n<p style=\"text-align: center;\">Traitement des l\u00e8vres avec un produit de comblement \u00e0 l&rsquo;acide hyaluronique<\/p>\n<p>[\/et_pb_text][et_pb_text _builder_version=\u00a0\u00bb4.25.1&Prime; _module_preset=\u00a0\u00bbdefault\u00a0\u00bb text_font=\u00a0\u00bbcentury gothic||||||||\u00a0\u00bb text_text_color=\u00a0\u00bb#FFFFFF\u00a0\u00bb global_colors_info=\u00a0\u00bb{}\u00a0\u00bb]<\/p>\n<p style=\"font-weight: 400;\">Gestion des l\u00e8vres avec REVITAFILL Xtra 2. Le Dr Herv\u00e9 S. Padey, stomatologue bas\u00e9 en France, vous fera partager son exp\u00e9rience pour g\u00e9rer le volume des l\u00e8vres.<\/p>\n<p>[\/et_pb_text][\/et_pb_column][\/et_pb_row][\/et_pb_section][et_pb_section fb_built=\u00a0\u00bb1&Prime; _builder_version=\u00a0\u00bb4.17.4&Prime; _module_preset=\u00a0\u00bbdefault\u00a0\u00bb background_color=\u00a0\u00bb#000000&Prime; locked=\u00a0\u00bboff\u00a0\u00bb global_colors_info=\u00a0\u00bb{}\u00a0\u00bb][et_pb_row column_structure=\u00a0\u00bb1_4,1_4,1_4,1_4&Prime; _builder_version=\u00a0\u00bb4.17.4&Prime; _module_preset=\u00a0\u00bbdefault\u00a0\u00bb global_colors_info=\u00a0\u00bb{}\u00a0\u00bb][et_pb_column type=\u00a0\u00bb1_4&Prime; _builder_version=\u00a0\u00bb4.16&Prime; _module_preset=\u00a0\u00bbdefault\u00a0\u00bb global_colors_info=\u00a0\u00bb{}\u00a0\u00bb][et_pb_image src=\u00a0\u00bbhttps:\/\/med.revitacareacademy.com\/wp-content\/uploads\/2022\/03\/Revitacare-logo-A.png\u00a0\u00bb title_text=\u00a0\u00bbLogo Revitacare A\u00a0\u00bb align=\u00a0\u00bbcenter\u00a0\u00bb _builder_version=\u00a0\u00bb4.17.4&Prime; _module_preset=\u00a0\u00bbdefault\u00a0\u00bb custom_padding=\u00a0\u00bb||50px|||\u00a0\u00bb global_colors_info=\u00a0\u00bb{}\u00a0\u00bb][\/et_pb_image][\/et_pb_column][et_pb_column type=\u00a0\u00bb1_4&Prime; _builder_version=\u00a0\u00bb4.16&Prime; _module_preset=\u00a0\u00bbdefault\u00a0\u00bb global_colors_info=\u00a0\u00bb{}\u00a0\u00bb][et_pb_text _builder_version=\u00a0\u00bb4.16&Prime; _module_preset=\u00a0\u00bbdefault\u00a0\u00bb text_font=\u00a0\u00bbcentury gothic||||||||\u00a0\u00bb text_text_color=\u00a0\u00bb#FFFFFF\u00a0\u00bb text_font_size=\u00a0\u00bb20px\u00a0\u00bb link_option_url=\u00a0\u00bbhttps:\/\/med.revitacareacademy.com\/fr\/webinaires\/\u00a0\u00bb global_colors_info=\u00a0\u00bb{}\u00a0\u00bb]<\/p>\n<p>WEBINAIRES<\/p>\n<p>[\/et_pb_text][et_pb_text _builder_version=\u00a0\u00bb4.21.0&Prime; _module_preset=\u00a0\u00bbdefault\u00a0\u00bb text_font=\u00a0\u00bbcentury gothic||||||||\u00a0\u00bb text_text_color=\u00a0\u00bb#FFFFFF\u00a0\u00bb text_font_size=\u00a0\u00bb20px\u00a0\u00bb link_option_url=\u00a0\u00bbhttps:\/\/med.revitacareacademy.com\/fr\/supports-multimedia\/\u00a0\u00bb global_colors_info=\u00a0\u00bb{}\u00a0\u00bb]<\/p>\n<p><span>TECHNIQUES D\u2019INJECTION<\/span><\/p>\n<p>[\/et_pb_text][et_pb_text _builder_version=\u00a0\u00bb4.16&Prime; _module_preset=\u00a0\u00bbdefault\u00a0\u00bb text_font=\u00a0\u00bbcentury gothic||||||||\u00a0\u00bb text_text_color=\u00a0\u00bb#FFFFFF\u00a0\u00bb text_font_size=\u00a0\u00bb20px\u00a0\u00bb link_option_url=\u00a0\u00bbhttps:\/\/med.revitacareacademy.com\/events\u00a0\u00bb global_colors_info=\u00a0\u00bb{}\u00a0\u00bb]<\/p>\n<p>\u00c9V\u00c8NEMENTS<\/p>\n<p>[\/et_pb_text][\/et_pb_column][et_pb_column type=\u00a0\u00bb1_4&Prime; _builder_version=\u00a0\u00bb4.17.4&Prime; _module_preset=\u00a0\u00bbdefault\u00a0\u00bb global_colors_info=\u00a0\u00bb{}\u00a0\u00bb][et_pb_text _builder_version=\u00a0\u00bb4.17.4&Prime; _module_preset=\u00a0\u00bbdefault\u00a0\u00bb text_font=\u00a0\u00bbcentury gothic||||||||\u00a0\u00bb text_text_color=\u00a0\u00bb#FFFFFF\u00a0\u00bb text_font_size=\u00a0\u00bb20px\u00a0\u00bb link_option_url=\u00a0\u00bbhttps:\/\/med.revitacareacademy.com\/fr\/nous-contacter\/\u00a0\u00bb global_colors_info=\u00a0\u00bb{}\u00a0\u00bb]<\/p>\n<p>NOUS CONTACTER<\/p>\n<p>[\/et_pb_text][et_pb_text _builder_version=\u00a0\u00bb4.17.4&Prime; _module_preset=\u00a0\u00bbdefault\u00a0\u00bb text_font=\u00a0\u00bbcentury gothic||||||||\u00a0\u00bb text_text_color=\u00a0\u00bb#FFFFFF\u00a0\u00bb text_font_size=\u00a0\u00bb20px\u00a0\u00bb link_option_url=\u00a0\u00bbhttps:\/\/med.revitacareacademy.com\/fr\/mon-compte\/\u00a0\u00bb global_colors_info=\u00a0\u00bb{}\u00a0\u00bb]<\/p>\n<p>MON COMPTE<\/p>\n<p>[\/et_pb_text][\/et_pb_column][et_pb_column type=\u00a0\u00bb1_4&Prime; _builder_version=\u00a0\u00bb4.16&Prime; _module_preset=\u00a0\u00bbdefault\u00a0\u00bb global_colors_info=\u00a0\u00bb{}\u00a0\u00bb][et_pb_text _builder_version=\u00a0\u00bb4.16&Prime; _module_preset=\u00a0\u00bbdefault\u00a0\u00bb text_font=\u00a0\u00bbcentury gothic||||||||\u00a0\u00bb text_text_color=\u00a0\u00bb#FFFFFF\u00a0\u00bb text_font_size=\u00a0\u00bb20px\u00a0\u00bb link_option_url=\u00a0\u00bbhttps:\/\/med.revitacareacademy.com\/fr\/politique-de-confidentialite\/\u00a0\u00bb global_colors_info=\u00a0\u00bb{}\u00a0\u00bb]<\/p>\n<p>Politique de confidentialit\u00e9<\/p>\n<p>[\/et_pb_text][et_pb_text _builder_version=\u00a0\u00bb4.17.4&Prime; _module_preset=\u00a0\u00bbdefault\u00a0\u00bb text_font=\u00a0\u00bbcentury gothic||||||||\u00a0\u00bb text_text_color=\u00a0\u00bb#FFFFFF\u00a0\u00bb text_font_size=\u00a0\u00bb20px\u00a0\u00bb link_option_url=\u00a0\u00bbhttps:\/\/med.revitacareacademy.com\/fr\/cookies\/\u00a0\u00bb global_colors_info=\u00a0\u00bb{}\u00a0\u00bb]<\/p>\n<p>Politique relative aux cookies<\/p>\n<p>[\/et_pb_text][et_pb_text _builder_version=\u00a0\u00bb4.16&Prime; _module_preset=\u00a0\u00bbdefault\u00a0\u00bb text_font=\u00a0\u00bbcentury gothic||||||||\u00a0\u00bb text_text_color=\u00a0\u00bb#FFFFFF\u00a0\u00bb text_font_size=\u00a0\u00bb20px\u00a0\u00bb link_option_url=\u00a0\u00bbhttps:\/\/med.revitacareacademy.com\/fr\/mentions-legales\/\u00a0\u00bb global_colors_info=\u00a0\u00bb{}\u00a0\u00bb]<\/p>\n<p>Mentions l\u00e9gales<\/p>\n<p>[\/et_pb_text][et_pb_text _builder_version=\u00a0\u00bb4.17.4&Prime; _module_preset=\u00a0\u00bbdefault\u00a0\u00bb text_font=\u00a0\u00bbcentury gothic||||||||\u00a0\u00bb text_text_color=\u00a0\u00bb#FFFFFF\u00a0\u00bb text_font_size=\u00a0\u00bb20px\u00a0\u00bb link_option_url=\u00a0\u00bbhttps:\/\/med.revitacareacademy.com\/gcu\/\u00a0\u00bb global_colors_info=\u00a0\u00bb{}\u00a0\u00bb]<\/p>\n<p>CGU<\/p>\n<p>[\/et_pb_text][\/et_pb_column][\/et_pb_row][\/et_pb_section]<\/p>\n","protected":false},"excerpt":{"rendered":"<p>Traitement des l\u00e8vres avec un produit de comblement \u00e0 l&rsquo;acide hyaluroniqueTraitement des l\u00e8vres avec un produit de comblement \u00e0 l&rsquo;acide hyaluroniqueGestion des l\u00e8vres avec REVITAFILL Xtra 2. Le Dr Herv\u00e9 [&hellip;]<\/p>\n","protected":false},"author":1,"featured_media":0,"parent":0,"menu_order":0,"comment_status":"closed","ping_status":"closed","template":"","meta":{"_et_pb_use_builder":"on","_et_pb_old_content":"","_et_gb_content_width":"","footnotes":""},"class_list":["post-1723","page","type-page","status-publish","hentry"],"yoast_head":"<!-- This site is optimized with the Yoast SEO plugin v23.8 - https:\/\/yoast.com\/wordpress\/plugins\/seo\/ -->\n<title>Traitement des l\u00e8vres avec un produit de comblement \u00e0 l&#039;acide hyaluronique - MED ACADEMY<\/title>\n<meta name=\"robots\" content=\"index, follow, max-snippet:-1, max-image-preview:large, max-video-preview:-1\" \/>\n<link rel=\"canonical\" href=\"https:\/\/med.revitacareacademy.com\/fr\/traitement-des-levres-avec-un-produit-de-comblement-a-lacide-hyaluronique-2\/\" \/>\n<meta property=\"og:locale\" content=\"fr_FR\" \/>\n<meta property=\"og:type\" content=\"article\" \/>\n<meta property=\"og:title\" content=\"Traitement des l\u00e8vres avec un produit de comblement \u00e0 l&#039;acide hyaluronique - MED ACADEMY\" \/>\n<meta property=\"og:description\" content=\"Traitement des l\u00e8vres avec un produit de comblement \u00e0 l&#039;acide hyaluroniqueTraitement des l\u00e8vres avec un produit de comblement \u00e0 l&#039;acide hyaluroniqueGestion des l\u00e8vres avec REVITAFILL Xtra 2. Le Dr Herv\u00e9 [&hellip;]\" \/>\n<meta property=\"og:url\" content=\"https:\/\/med.revitacareacademy.com\/fr\/traitement-des-levres-avec-un-produit-de-comblement-a-lacide-hyaluronique-2\/\" \/>\n<meta property=\"og:site_name\" content=\"MED ACADEMY\" \/>\n<meta property=\"article:modified_time\" content=\"2024-06-20T18:32:37+00:00\" \/>\n<meta name=\"twitter:card\" content=\"summary_large_image\" \/>\n<meta name=\"twitter:label1\" content=\"Dur\u00e9e de lecture estim\u00e9e\" \/>\n\t<meta name=\"twitter:data1\" content=\"4 minutes\" \/>\n<script type=\"application\/ld+json\" class=\"yoast-schema-graph\">{\"@context\":\"https:\/\/schema.org\",\"@graph\":[{\"@type\":\"WebPage\",\"@id\":\"https:\/\/med.revitacareacademy.com\/fr\/traitement-des-levres-avec-un-produit-de-comblement-a-lacide-hyaluronique-2\/\",\"url\":\"https:\/\/med.revitacareacademy.com\/fr\/traitement-des-levres-avec-un-produit-de-comblement-a-lacide-hyaluronique-2\/\",\"name\":\"Traitement des l\u00e8vres avec un produit de comblement \u00e0 l'acide hyaluronique - MED ACADEMY\",\"isPartOf\":{\"@id\":\"https:\/\/med.revitacareacademy.com\/fr\/#website\"},\"datePublished\":\"2024-06-20T10:03:40+00:00\",\"dateModified\":\"2024-06-20T18:32:37+00:00\",\"breadcrumb\":{\"@id\":\"https:\/\/med.revitacareacademy.com\/fr\/traitement-des-levres-avec-un-produit-de-comblement-a-lacide-hyaluronique-2\/#breadcrumb\"},\"inLanguage\":\"fr-FR\",\"potentialAction\":[{\"@type\":\"ReadAction\",\"target\":[\"https:\/\/med.revitacareacademy.com\/fr\/traitement-des-levres-avec-un-produit-de-comblement-a-lacide-hyaluronique-2\/\"]}]},{\"@type\":\"BreadcrumbList\",\"@id\":\"https:\/\/med.revitacareacademy.com\/fr\/traitement-des-levres-avec-un-produit-de-comblement-a-lacide-hyaluronique-2\/#breadcrumb\",\"itemListElement\":[{\"@type\":\"ListItem\",\"position\":1,\"name\":\"Accueil\",\"item\":\"https:\/\/med.revitacareacademy.com\/fr\/\"},{\"@type\":\"ListItem\",\"position\":2,\"name\":\"Traitement des l\u00e8vres avec un produit de comblement \u00e0 l&rsquo;acide hyaluronique\"}]},{\"@type\":\"WebSite\",\"@id\":\"https:\/\/med.revitacareacademy.com\/fr\/#website\",\"url\":\"https:\/\/med.revitacareacademy.com\/fr\/\",\"name\":\"MED ACADEMY\",\"description\":\"Welcome to the Med Academy by Revitacare\",\"potentialAction\":[{\"@type\":\"SearchAction\",\"target\":{\"@type\":\"EntryPoint\",\"urlTemplate\":\"https:\/\/med.revitacareacademy.com\/fr\/?s={search_term_string}\"},\"query-input\":{\"@type\":\"PropertyValueSpecification\",\"valueRequired\":true,\"valueName\":\"search_term_string\"}}],\"inLanguage\":\"fr-FR\"}]}<\/script>\n<!-- \/ Yoast SEO plugin. -->","yoast_head_json":{"title":"Traitement des l\u00e8vres avec un produit de comblement \u00e0 l'acide hyaluronique - MED ACADEMY","robots":{"index":"index","follow":"follow","max-snippet":"max-snippet:-1","max-image-preview":"max-image-preview:large","max-video-preview":"max-video-preview:-1"},"canonical":"https:\/\/med.revitacareacademy.com\/fr\/traitement-des-levres-avec-un-produit-de-comblement-a-lacide-hyaluronique-2\/","og_locale":"fr_FR","og_type":"article","og_title":"Traitement des l\u00e8vres avec un produit de comblement \u00e0 l'acide hyaluronique - MED ACADEMY","og_description":"Traitement des l\u00e8vres avec un produit de comblement \u00e0 l'acide hyaluroniqueTraitement des l\u00e8vres avec un produit de comblement \u00e0 l'acide hyaluroniqueGestion des l\u00e8vres avec REVITAFILL Xtra 2. Le Dr Herv\u00e9 [&hellip;]","og_url":"https:\/\/med.revitacareacademy.com\/fr\/traitement-des-levres-avec-un-produit-de-comblement-a-lacide-hyaluronique-2\/","og_site_name":"MED ACADEMY","article_modified_time":"2024-06-20T18:32:37+00:00","twitter_card":"summary_large_image","twitter_misc":{"Dur\u00e9e de lecture estim\u00e9e":"4 minutes"},"schema":{"@context":"https:\/\/schema.org","@graph":[{"@type":"WebPage","@id":"https:\/\/med.revitacareacademy.com\/fr\/traitement-des-levres-avec-un-produit-de-comblement-a-lacide-hyaluronique-2\/","url":"https:\/\/med.revitacareacademy.com\/fr\/traitement-des-levres-avec-un-produit-de-comblement-a-lacide-hyaluronique-2\/","name":"Traitement des l\u00e8vres avec un produit de comblement \u00e0 l'acide hyaluronique - MED ACADEMY","isPartOf":{"@id":"https:\/\/med.revitacareacademy.com\/fr\/#website"},"datePublished":"2024-06-20T10:03:40+00:00","dateModified":"2024-06-20T18:32:37+00:00","breadcrumb":{"@id":"https:\/\/med.revitacareacademy.com\/fr\/traitement-des-levres-avec-un-produit-de-comblement-a-lacide-hyaluronique-2\/#breadcrumb"},"inLanguage":"fr-FR","potentialAction":[{"@type":"ReadAction","target":["https:\/\/med.revitacareacademy.com\/fr\/traitement-des-levres-avec-un-produit-de-comblement-a-lacide-hyaluronique-2\/"]}]},{"@type":"BreadcrumbList","@id":"https:\/\/med.revitacareacademy.com\/fr\/traitement-des-levres-avec-un-produit-de-comblement-a-lacide-hyaluronique-2\/#breadcrumb","itemListElement":[{"@type":"ListItem","position":1,"name":"Accueil","item":"https:\/\/med.revitacareacademy.com\/fr\/"},{"@type":"ListItem","position":2,"name":"Traitement des l\u00e8vres avec un produit de comblement \u00e0 l&rsquo;acide hyaluronique"}]},{"@type":"WebSite","@id":"https:\/\/med.revitacareacademy.com\/fr\/#website","url":"https:\/\/med.revitacareacademy.com\/fr\/","name":"MED ACADEMY","description":"Welcome to the Med Academy by Revitacare","potentialAction":[{"@type":"SearchAction","target":{"@type":"EntryPoint","urlTemplate":"https:\/\/med.revitacareacademy.com\/fr\/?s={search_term_string}"},"query-input":{"@type":"PropertyValueSpecification","valueRequired":true,"valueName":"search_term_string"}}],"inLanguage":"fr-FR"}]}},"_links":{"self":[{"href":"https:\/\/med.revitacareacademy.com\/fr\/wp-json\/wp\/v2\/pages\/1723","targetHints":{"allow":["GET"]}}],"collection":[{"href":"https:\/\/med.revitacareacademy.com\/fr\/wp-json\/wp\/v2\/pages"}],"about":[{"href":"https:\/\/med.revitacareacademy.com\/fr\/wp-json\/wp\/v2\/types\/page"}],"author":[{"embeddable":true,"href":"https:\/\/med.revitacareacademy.com\/fr\/wp-json\/wp\/v2\/users\/1"}],"replies":[{"embeddable":true,"href":"https:\/\/med.revitacareacademy.com\/fr\/wp-json\/wp\/v2\/comments?post=1723"}],"version-history":[{"count":3,"href":"https:\/\/med.revitacareacademy.com\/fr\/wp-json\/wp\/v2\/pages\/1723\/revisions"}],"predecessor-version":[{"id":1742,"href":"https:\/\/med.revitacareacademy.com\/fr\/wp-json\/wp\/v2\/pages\/1723\/revisions\/1742"}],"wp:attachment":[{"href":"https:\/\/med.revitacareacademy.com\/fr\/wp-json\/wp\/v2\/media?parent=1723"}],"curies":[{"name":"wp","href":"https:\/\/api.w.org\/{rel}","templated":true}]}}